{"id":40,"date":"2023-10-26T12:57:46","date_gmt":"2023-10-26T10:57:46","guid":{"rendered":"https:\/\/www.ilsa.ba\/?page_id=40"},"modified":"2023-12-16T13:24:02","modified_gmt":"2023-12-16T12:24:02","slug":"about","status":"publish","type":"page","link":"https:\/\/www.ilsa.ba\/en\/about\/","title":{"rendered":"About"},"content":{"rendered":"<p><img decoding=\"async\" src=\"\/wp-content\/uploads\/2023\/12\/desno2.svg\" alt=\"\"><br \/>\n<img decoding=\"async\" src=\"\/wp-content\/uploads\/2023\/12\/ilsa_about.png\" alt=\"\"><\/p>\n<h2>Elegancija, prakti\u010dnost, funkcionalnost<\/h2>\n<div>\n<p>Umjetni\u010dko izra\u017eavanje \u010desto slu\u017ei kao na\u010din komunikacije koji ide izvan rije\u010di, dopu\u0161taju\u0107i umjetnicima da dijele svoje unutarnje svjetove i poti\u010du promi\u0161ljanje kod publike.<\/p>\n<p>Ilsa je umjetni\u010dki izraz, pri\u010da i vizija tkaninom preto\u010dena u djelo. Osnovana je godine 2018., u na\u0161oj porodi\u010dnoj ku\u0107i. Prvi oficijelni atelje je otvoren 2022. godine.<\/p>\n<\/div>\n<h2>Slow fashion princip<\/h2>\n<div>\n<p>Ilsa dizajn sadr\u017ei elemente elegancije i sofisiciranosti. Prakti\u010dnost i funkcionalnost, pored estetike, igraju va\u017enu ulogu u dizajniranju Ilsa odjevnih komada.<\/p>\n<p>Tako\u0111er, na\u0161a proizvodnja je naklonjena principu &#8220;slow fashion&#8221;, pristupu modi koji se fokusira na odr\u017eivost i eti\u010dku proizvodnju ode\u0107e. Ovaj pravac nagla\u0161ava sporiji tempo proizvodnje, visokokvalitetne materijale, pravi\u010dne radne uslove i smanjenje uticaja na \u017eivotnu sredinu. Ideja je da se umesto brze potro\u0161nje i jeftinih komada odje\u0107e podsti\u010de svijest o vrijedosti trajnih, kvalitetnih komada koji se mogu koristiti dugi vremenski period<\/p>\n<\/div>\n<div>\n<p><span class=\"uk-text-bolder\">Budimo u kontaktu, budite slobodni da nam se javite&#8230;<\/span><\/p>\n<\/div>\n<div>\n<p><a href=\"mailto:info@ilsa.ba\">info@ilsa.ba<\/a><span>\u00a0<\/span><\/p>\n<\/div>\n<p><!--more--><br \/>\n<!-- {\"type\":\"layout\",\"children\":[{\"type\":\"section\",\"props\":{\"animation\":\"fade\",\"animation_delay\":false,\"header_transparent\":\"dark\",\"image_effect\":\"parallax\",\"image_parallax_bgy\":\"0,-600\",\"image_parallax_easing\":\"1\",\"image_position\":\"top-right\",\"padding\":\"large\",\"padding_remove_bottom\":true,\"style\":\"muted\",\"title_breakpoint\":\"xl\",\"title_position\":\"top-left\",\"title_rotation\":\"left\",\"vertical_align\":\"middle\",\"width\":\"xlarge\"},\"children\":[{\"type\":\"row\",\"props\":{\"layout\":\"3-4,1-4\",\"margin\":\"xlarge\"},\"children\":[{\"type\":\"column\",\"props\":{\"image_position\":\"center-center\",\"position_sticky_breakpoint\":\"m\",\"width_small\":\"3-4\",\"widths\":[\"1-1\"]}},{\"type\":\"column\",\"props\":{\"image_position\":\"center-center\",\"position_sticky_breakpoint\":\"m\",\"width_small\":\"1-4\"},\"children\":[{\"type\":\"image\",\"props\":{\"animation\":\"parallax\",\"css\":\".el-image { max-width: 45vw; }\",\"image\":\"wp-content\\\/uploads\\\/2023\\\/12\\\/desno2.svg\",\"image_loading\":true,\"image_svg_color\":\"emphasis\",\"margin\":\"default\",\"parallax_easing\":\"0.5\",\"parallax_y\":\"5vh,-7vh\",\"position\":\"absolute\",\"position_right\":\"-80\",\"position_top\":\"-10vh\",\"position_z_index\":\"0\",\"text_align\":\"right\"}}]}]},{\"type\":\"row\",\"props\":{\"layout\":\"1-3,2-3\"},\"children\":[{\"type\":\"column\",\"props\":{\"image_position\":\"center-center\",\"position_sticky_breakpoint\":\"m\",\"width_medium\":\"1-3\"},\"children\":[{\"type\":\"image\",\"props\":{\"animation\":\"parallax\",\"css\":\".el-image { max-width: 40vw; }\",\"image\":\"wp-content\\\/uploads\\\/2023\\\/12\\\/ilsa_about.png\",\"image_svg_color\":\"emphasis\",\"image_width\":\"450\",\"margin\":\"default\",\"parallax_easing\":\"1\",\"parallax_y\":\"0,-3vh\",\"position\":\"absolute\",\"position_bottom\":\"20%\",\"position_right\":\"50\",\"position_z_index\":\"2\",\"text_align\":\"center\"}}]},{\"type\":\"column\",\"props\":{\"image_position\":\"center-center\",\"position_sticky_breakpoint\":\"m\",\"width_medium\":\"2-3\"},\"children\":[{\"type\":\"headline\",\"props\":{\"content\":\"Elegancija, prakti\\u010dnost, funkcionalnost\",\"margin\":\"medium\",\"position\":\"relative\",\"title_element\":\"h2\"}},{\"type\":\"text\",\"props\":{\"column\":\"1-2\",\"column_breakpoint\":\"m\",\"content\":\"\n\n<p>Umjetni\\u010dko izra\\u017eavanje \\u010desto slu\\u017ei kao na\\u010din komunikacije koji ide izvan rije\\u010di, dopu\\u0161taju\\u0107i umjetnicima da dijele svoje unutarnje svjetove i poti\\u010du promi\\u0161ljanje kod publike.<\\\/p>\\n\n\n<p>Ilsa je umjetni\\u010dki izraz, pri\\u010da i vizija tkaninom preto\\u010dena u djelo. Osnovana je godine 2018., u na\\u0161oj porodi\\u010dnoj ku\\u0107i. Prvi oficijelni atelje je otvoren 2022. godine.<\\\/p>\",\"margin\":\"default\",\"position\":\"relative\",\"text_align\":\"justify\"}}]}]}],\"name\":\"About\"},{\"type\":\"section\",\"props\":{\"animation\":\"slide-bottom-small\",\"id\":\"cta\",\"image_position\":\"center-center\",\"style\":\"muted\",\"title_breakpoint\":\"xl\",\"title_position\":\"top-left\",\"title_rotation\":\"left\",\"vertical_align\":\"middle\",\"width\":\"xlarge\"},\"children\":[{\"type\":\"row\",\"props\":{\"column_gap\":\"large\",\"layout\":\"1-2,1-2\"},\"children\":[{\"type\":\"column\",\"props\":{\"image_position\":\"center-center\",\"position_sticky_breakpoint\":\"m\",\"vertical_align\":\"middle\",\"width_medium\":\"1-2\",\"widths\":[\"3-4\"]},\"children\":[{\"type\":\"image\",\"props\":{\"animation\":\"parallax\",\"css\":\".el-image { max-width: 70vw; }\",\"image\":\"\",\"image_svg_color\":\"emphasis\",\"margin\":\"default\",\"parallax_easing\":\"1\",\"parallax_y\":\"-3vh,3vh\",\"position\":\"relative\",\"position_right\":\"-60\",\"position_z_index\":\"0\",\"text_align\":\"center\",\"text_align_breakpoint\":\"m\"}}]},{\"type\":\"column\",\"props\":{\"image_position\":\"center-center\",\"order_first\":\"m\",\"position_sticky_breakpoint\":\"m\",\"vertical_align\":\"middle\",\"width_medium\":\"1-2\"},\"children\":[{\"type\":\"headline\",\"props\":{\"content\":\"Slow fashion princip\",\"position\":\"relative\",\"position_z_index\":\"3\",\"title_element\":\"h2\",\"title_style\":\"heading-small\"}},{\"type\":\"text\",\"props\":{\"column_breakpoint\":\"m\",\"content\":\"\n\n<p>Ilsa dizajn sadr\\u017ei elemente elegancije i sofisiciranosti. Prakti\\u010dnost i funkcionalnost, pored estetike, igraju va\\u017enu ulogu u dizajniranju Ilsa odjevnih komada.<\\\/p>\\n\n\n<p>Tako\\u0111er, na\\u0161a proizvodnja je naklonjena principu \\\"slow fashion\\\", pristupu modi koji se fokusira na odr\\u017eivost i eti\\u010dku proizvodnju ode\\u0107e. Ovaj pravac nagla\\u0161ava sporiji tempo proizvodnje, visokokvalitetne materijale, pravi\\u010dne radne uslove i smanjenje uticaja na \\u017eivotnu sredinu. Ideja je da se umesto brze potro\\u0161nje i jeftinih komada odje\\u0107e podsti\\u010de svijest o vrijedosti trajnih, kvalitetnih komada koji se mogu koristiti dugi vremenski period<\\\/p>\",\"margin\":\"medium\",\"text_style\":\"lead\"}},{\"type\":\"text\",\"props\":{\"column_breakpoint\":\"m\",\"content\":\"\n\n<p><span class=\\\"uk-text-bolder\\\">Budimo u kontaktu, budite slobodni da nam se javite...<\\\/span><\\\/p>\",\"margin\":\"large\",\"margin_remove_bottom\":true}},{\"type\":\"text\",\"props\":{\"column_breakpoint\":\"m\",\"content\":\"\n\n<p><a href=\\\"mailto:info@ilsa.ba\\\">info@ilsa.ba<\\\/a><span>\\u00a0<\\\/span><\\\/p>\",\"margin\":\"default\",\"text_style\":\"large\"}}]}]}],\"name\":\"Call to Action\"}],\"version\":\"4.2.10\"} --><\/p>\n","protected":false},"excerpt":{"rendered":"<p>Elegancija, prakti\u010dnost, funkcionalnost Umjetni\u010dko izra\u017eavanje \u010desto slu\u017ei kao na\u010din komunikacije koji ide izvan rije\u010di, dopu\u0161taju\u0107i umjetnicima da dijele svoje unutarnje svjetove i poti\u010du promi\u0161ljanje kod publike. Ilsa je umjetni\u010dki izraz, pri\u010da i vizija tkaninom preto\u010dena u djelo. Osnovana je godine 2018., u na\u0161oj porodi\u010dnoj ku\u0107i. Prvi oficijelni atelje je otvoren 2022. godine. Slow fashion princip [&hellip;]<\/p>\n","protected":false},"author":1,"featured_media":0,"parent":0,"menu_order":0,"comment_status":"closed","ping_status":"closed","template":"","meta":{"footnotes":""},"class_list":["post-40","page","type-page","status-publish","hentry"],"_links":{"self":[{"href":"https:\/\/www.ilsa.ba\/en\/wp-json\/wp\/v2\/pages\/40","targetHints":{"allow":["GET"]}}],"collection":[{"href":"https:\/\/www.ilsa.ba\/en\/wp-json\/wp\/v2\/pages"}],"about":[{"href":"https:\/\/www.ilsa.ba\/en\/wp-json\/wp\/v2\/types\/page"}],"author":[{"embeddable":true,"href":"https:\/\/www.ilsa.ba\/en\/wp-json\/wp\/v2\/users\/1"}],"replies":[{"embeddable":true,"href":"https:\/\/www.ilsa.ba\/en\/wp-json\/wp\/v2\/comments?post=40"}],"version-history":[{"count":12,"href":"https:\/\/www.ilsa.ba\/en\/wp-json\/wp\/v2\/pages\/40\/revisions"}],"predecessor-version":[{"id":629,"href":"https:\/\/www.ilsa.ba\/en\/wp-json\/wp\/v2\/pages\/40\/revisions\/629"}],"wp:attachment":[{"href":"https:\/\/www.ilsa.ba\/en\/wp-json\/wp\/v2\/media?parent=40"}],"curies":[{"name":"wp","href":"https:\/\/api.w.org\/{rel}","templated":true}]}}